{"id":2782,"date":"2023-06-04T12:31:47","date_gmt":"2023-06-04T11:31:47","guid":{"rendered":"https:\/\/www.angerinitiative.de\/?page_id=2782"},"modified":"2026-01-19T16:55:07","modified_gmt":"2026-01-19T15:55:07","slug":"jobs","status":"publish","type":"page","link":"https:\/\/www.angerinitiative.de\/?page_id=2782","title":{"rendered":"Jobs:"},"content":{"rendered":"\n<p><br>SEJ_PraktikantIn<br><br>Wir sind ein integrativer, famili\u00e4rer, eingruppiger<br>Grundschulhort mitten im Brennpunkt von Erlangen und<br>unterst\u00fctzen liebevoll unsere multikulturellen Kinder mit<br>ihren Eltern. Als Verein arbeiten wir konfessionsfrei.<br>Unseren Au\u00dfenbereich teilen wir mit dem<br>Abenteuerspielplatz. F\u00fcr das Mittagessen wird t\u00e4glich<br>frisch gekocht. Die Arbeitszeit betr\u00e4gt maximal 35<br>Stunden pro Woche.<\/p>\n\n\n\n<p>Wir freuen uns auf dich und deine Bewerbung:<br>E-Mail: hort@angerinitiative.de<br>Tel.: 09131\/304184<br>Ansprechpartnerin: Irene Nein (Hortleitung)<\/p>\n\n\n\n<p><\/p>\n","protected":false},"excerpt":{"rendered":"<p>SEJ_PraktikantIn Wir sind ein integrativer, famili\u00e4rer, eingruppigerGrundschulhort mitten im Brennpunkt von Erlangen undunterst\u00fctzen liebevoll unsere multikulturellen Kinder mitihren Eltern. Als Verein arbeiten wir konfessionsfrei.Unseren Au\u00dfenbereich teilen wir mit demAbenteuerspielplatz. F\u00fcr das Mittagessen wird t\u00e4glichfrisch gekocht. Die Arbeitszeit betr\u00e4gt maximal 35Stunden pro Woche. Wir freuen uns auf dich und deine Bewerbung:E-Mail: hort@angerinitiative.deTel.: 09131\/304184Ansprechpartnerin: Irene Nein (Hortleitung)<\/p>\n","protected":false},"author":1,"featured_media":0,"parent":36,"menu_order":8,"comment_status":"closed","ping_status":"closed","template":"","meta":{"footnotes":""},"class_list":["post-2782","page","type-page","status-publish","czr-hentry"],"_links":{"self":[{"href":"https:\/\/www.angerinitiative.de\/index.php?rest_route=\/wp\/v2\/pages\/2782","targetHints":{"allow":["GET"]}}],"collection":[{"href":"https:\/\/www.angerinitiative.de\/index.php?rest_route=\/wp\/v2\/pages"}],"about":[{"href":"https:\/\/www.angerinitiative.de\/index.php?rest_route=\/wp\/v2\/types\/page"}],"author":[{"embeddable":true,"href":"https:\/\/www.angerinitiative.de\/index.php?rest_route=\/wp\/v2\/users\/1"}],"replies":[{"embeddable":true,"href":"https:\/\/www.angerinitiative.de\/index.php?rest_route=%2Fwp%2Fv2%2Fcomments&post=2782"}],"version-history":[{"count":12,"href":"https:\/\/www.angerinitiative.de\/index.php?rest_route=\/wp\/v2\/pages\/2782\/revisions"}],"predecessor-version":[{"id":3420,"href":"https:\/\/www.angerinitiative.de\/index.php?rest_route=\/wp\/v2\/pages\/2782\/revisions\/3420"}],"up":[{"embeddable":true,"href":"https:\/\/www.angerinitiative.de\/index.php?rest_route=\/wp\/v2\/pages\/36"}],"wp:attachment":[{"href":"https:\/\/www.angerinitiative.de\/index.php?rest_route=%2Fwp%2Fv2%2Fmedia&parent=2782"}],"curies":[{"name":"wp","href":"https:\/\/api.w.org\/{rel}","templated":true}]}}