{"id":268,"date":"2015-03-04T11:23:24","date_gmt":"2015-03-04T09:23:24","guid":{"rendered":"http:\/\/www.angerinitiative.de\/?page_id=268"},"modified":"2025-10-02T15:49:03","modified_gmt":"2025-10-02T14:49:03","slug":"das-sind-wir","status":"publish","type":"page","link":"https:\/\/www.angerinitiative.de\/?page_id=268","title":{"rendered":"Was wir bieten"},"content":{"rendered":"<h2><span style=\"color: #008000;\">Allgemeine Infos<\/span><\/h2>\n<p>Der Hort der Angerinitiative bietet eine ganzheitliche und individuelle F\u00f6rderung entsprechend der sozialen, kognitiven, emotionalen und k\u00f6rperlichen Entwicklung der Kinder unter Begleitung und Beobachtung des Entwicklungsverlaufes. Der Hort ist ein unterst\u00fctzendes und familienerg\u00e4nzendes Betreuungsangebot f\u00fcr Kinder von der 1. bis zur 4. Klasse aus Grundschulen und sonderp\u00e4dagogischen F\u00f6rderzentren.<\/p>\n<p><strong><em>Link:<\/em><\/strong> &#8222;Downloads&#8220; Konzeption<\/p>\n<h4><a href=\"http:\/\/www.angerinitiative.de\/wp-content\/uploads\/2015\/05\/Hort-Ferien-Aug.Sept-14-053.jpg\">\u00a0 <img loading=\"lazy\" decoding=\"async\" class=\"wp-image-500 alignleft\" src=\"http:\/\/www.angerinitiative.de\/wp-content\/uploads\/2015\/05\/Hort-Ferien-Aug.Sept-14-053-300x225.jpg\" alt=\"Hort Ferien Aug.Sept 14 053\" width=\"359\" height=\"269\" srcset=\"https:\/\/www.angerinitiative.de\/wp-content\/uploads\/2015\/05\/Hort-Ferien-Aug.Sept-14-053-300x225.jpg 300w, https:\/\/www.angerinitiative.de\/wp-content\/uploads\/2015\/05\/Hort-Ferien-Aug.Sept-14-053-768x576.jpg 768w, https:\/\/www.angerinitiative.de\/wp-content\/uploads\/2015\/05\/Hort-Ferien-Aug.Sept-14-053-1024x768.jpg 1024w\" sizes=\"auto, (max-width: 359px) 100vw, 359px\" \/><\/a><\/h4>\n<h4><strong><span style=\"color: #008000;\">Unser Integrativer Ansatz:<\/span><\/strong><\/h4>\n<p><span style=\"color: #008000;\"><em><span style=\"color: #000000;\"><strong>Link:<\/strong><\/span><\/em><span style=\"color: #000000;\"> &#8222;Integrativer Ansatz&#8220;, oder &#8222;Download&#8220; Konzeption.<\/span><\/span><\/p>\n<h4><\/h4>\n<h4><\/h4>\n<h4><\/h4>\n<h4><\/h4>\n<h4><span style=\"color: #008000;\">Zielgruppe:<\/span><\/h4>\n<p>Eine Hortgruppe f\u00fcr max. 17 Grundschulkinder der 1.- 4. Klassen, darin integrative Pl\u00e4tze f\u00fcr bis zu 5 Kinder.<br \/>\nEs wird auf eine Mischung von deutschen und ausl\u00e4ndischen Kindern aus verschiedenen Kulturkreisen sowie auf eine Ausgewogenheit der Aufnahme von Jungen und M\u00e4dchen geachtet.<br \/>\nDie Kinder gehen in Grundschulen und sonderp\u00e4dagogische F\u00f6rderzentren.<\/p>\n<p><a href=\"http:\/\/www.angerinitiative.de\/wp-content\/uploads\/2015\/03\/DSC_6860.jpg\"><img loading=\"lazy\" decoding=\"async\" class=\"wp-image-957 aligncenter\" src=\"http:\/\/www.angerinitiative.de\/wp-content\/uploads\/2015\/03\/DSC_6860-300x199.jpg\" alt=\"DSC_6860\" width=\"412\" height=\"273\" srcset=\"https:\/\/www.angerinitiative.de\/wp-content\/uploads\/2015\/03\/DSC_6860-300x199.jpg 300w, https:\/\/www.angerinitiative.de\/wp-content\/uploads\/2015\/03\/DSC_6860-768x511.jpg 768w, https:\/\/www.angerinitiative.de\/wp-content\/uploads\/2015\/03\/DSC_6860-1024x681.jpg 1024w\" sizes=\"auto, (max-width: 412px) 100vw, 412px\" \/><\/a><\/p>\n<p><span style=\"color: #008000;\">Fachdienst:<\/span><\/p>\n<p>F\u00f6rderung f\u00fcr Kinder, die Auff\u00e4lligkeiten in den folgenden Bereichen aufweisen:<br \/>\n\u2022 Lernschwierigkeiten, \u00c4ngste<br \/>\n\u2022 Sprachprobleme<br \/>\n\u2022 Verhaltensauff\u00e4lligkeiten wie starke Hemmungen, oppositionelles Trotzverhalten, etc.<br \/>\n\u2022 Aufmerksamkeitsdefizitsyndrom- Hyperaktivit\u00e4tssyndrom (ADHS, ADS)<br \/>\n\u2022 Belastende famili\u00e4re oder soziale Situationen<br \/>\n\u2022 Entwicklungsverz\u00f6gerungen<br \/>\nDurch detaillierte Beobachtung und Dokumentation des Entwicklungsverlaufs der Kinder k\u00f6nnen wir gegebenenfalls p\u00e4dagogische\/therapeutische Ma\u00dfnahmen einleiten.<\/p>\n<h4><span style=\"color: #008000;\">R\u00e4umlichkeiten:<\/span><\/h4>\n<p>Obergeschoss:<\/p>\n<ul>\n<li>1 Gruppenraum<\/li>\n<li>1 Garderobe\u00a0\u00a0\u00a0\u00a0\u00a0\u00a0\u00a0\u00a0\u00a0\u00a0\u00a0\u00a0\u00a0\u00a0\u00a0\u00a0\u00a0\u00a0\u00a0\u00a0\u00a0\u00a0\u00a0\u00a0\u00a0\u00a0\u00a0\u00a0\u00a0\u00a0\u00a0\u00a0\u00a0\u00a0\u00a0\u00a0\u00a0\u00a0\u00a0\u00a0\u00a0\u00a0\u00a0\u00a0\u00a0\u00a0\u00a0\u00a0\u00a0\u00a0\u00a0\u00a0\u00a0\u00a0\u00a0\u00a0\u00a0\u00a0\u00a0\u00a0\u00a0\u00a0\u00a0\u00a0\u00a0<a href=\"http:\/\/www.angerinitiative.de\/wp-content\/uploads\/2015\/05\/Schnitzeljagd-Angebot-Nazli-106.jpg\"><img loading=\"lazy\" decoding=\"async\" class=\"alignnone wp-image-1841\" src=\"http:\/\/www.angerinitiative.de\/wp-content\/uploads\/2019\/05\/Schnitzeljagd-Angebot-Nazli-106.jpg\" alt=\"\" width=\"241\" height=\"181\" srcset=\"https:\/\/www.angerinitiative.de\/wp-content\/uploads\/2019\/05\/Schnitzeljagd-Angebot-Nazli-106.jpg 3456w, https:\/\/www.angerinitiative.de\/wp-content\/uploads\/2019\/05\/Schnitzeljagd-Angebot-Nazli-106-768x576.jpg 768w\" sizes=\"auto, (max-width: 241px) 100vw, 241px\" \/><\/a><\/li>\n<li>1 Toilette<\/li>\n<li>1 Lagerraum \u00a0 \u00a0 \u00a0 \u00a0\u00a0 \u00a0\u00a0\u00a0\u00a0\u00a0\u00a0\u00a0\u00a0\u00a0\u00a0\u00a0\u00a0\u00a0\u00a0\u00a0\u00a0\u00a0\u00a0\u00a0\u00a0\u00a0\u00a0\u00a0\u00a0\u00a0\u00a0\u00a0\u00a0\u00a0\u00a0\u00a0\u00a0\u00a0\u00a0\u00a0\u00a0\u00a0\u00a0\u00a0\u00a0\u00a0\u00a0\u00a0\u00a0\u00a0\u00a0\u00a0\u00a0\u00a0\u00a0\u00a0\u00a0\u00a0\u00a0\u00a0\u00a0\u00a0\u00a0\u00a0\u00a0\u00a0\u00a0\u00a0\u00a0\u00a0\u00a0\u00a0\u00a0\u00a0\u00a0\u00a0\u00a0\u00a0\u00a0\u00a0\u00a0\u00a0\u00a0\u00a0\u00a0\u00a0\u00a0\u00a0\u00a0\u00a0\u00a0\u00a0\u00a0\u00a0\u00a0\u00a0\u00a0\u00a0\u00a0\u00a0\u00a0\u00a0\u00a0\u00a0\u00a0\u00a0\u00a0\u00a0\u00a0\u00a0\u00a0\u00a0\u00a0\u00a0\u00a0\u00a0\u00a0\u00a0\u00a0\u00a0\u00a0\u00a0\u00a0\u00a0\u00a0\u00a0\u00a0\u00a0\u00a0\u00a0\u00a0\u00a0\u00a0\u00a0\u00a0\u00a0\u00a0\u00a0\u00a0\u00a0\u00a0\u00a0\u00a0\u00a0\u00a0\u00a0\u00a0\u00a0\u00a0\u00a0\u00a0\u00a0\u00a0\u00a0\u00a0\u00a0\u00a0\u00a0\u00a0\u00a0\u00a0\u00a0\u00a0\u00a0\u00a0\u00a0\u00a0\u00a0\u00a0\u00a0\u00a0\u00a0\u00a0\u00a0\u00a0\u00a0\u00a0\u00a0\u00a0\u00a0\u00a0 \u00a0 \u00a0 \u00a0 \u00a0 Mehrfach genutzte R\u00e4ume im Untergeschoss (gemeinsam mit dem Abenteuerspielplatz und dem Hippy \u2013 Programm der Angerinitiative):<\/li>\n<\/ul>\n<ul>\n<li>1 K\u00fcche<\/li>\n<li>1 B\u00fcro<\/li>\n<li>1 Werkstatt<\/li>\n<li>1 Spielezimmer<\/li>\n<li>1 Raum f\u00fcr fachdienstliche Einzel- und Kleingruppenf\u00f6rderung und Eltern-Lehrer-und Teamgespr\u00e4che, Hausaufgaben<\/li>\n<li>1 Toilette<\/li>\n<\/ul>\n<p>Au\u00dfenanlagen (gemeinsame Nutzung mit Abenteuerspielplatz):<\/p>\n<p>Fu\u00dfball- und Basketballplatz, Trampolin, Schaukel, Kletterger\u00fcst, Tischtennisplatten, Sandkasten, Spielwiese, Spielebauwagen (mit umfangreicher Spiel- und Sportausstattung), Badeteich mit Wasserrutsche, Partybus, Holzpferde, Hasenhaus und Gehege, H\u00fchnerhaus und Gehege, Kletterturm mit Zwergen-H\u00f6hle, Holzschiff.<\/p>\n<p><img loading=\"lazy\" decoding=\"async\" class=\"alignnone wp-image-1827\" src=\"http:\/\/www.angerinitiative.de\/wp-content\/uploads\/2019\/05\/Hortbilder-033.jpg\" alt=\"\" width=\"250\" height=\"187\" srcset=\"https:\/\/www.angerinitiative.de\/wp-content\/uploads\/2019\/05\/Hortbilder-033.jpg 3456w, https:\/\/www.angerinitiative.de\/wp-content\/uploads\/2019\/05\/Hortbilder-033-768x576.jpg 768w\" sizes=\"auto, (max-width: 250px) 100vw, 250px\" \/><\/p>\n<p><a href=\"http:\/\/www.angerinitiative.de\/wp-content\/uploads\/2015\/05\/Schnitzeljagd-Angebot-Nazli-106.jpg\">\u00a0\u00a0\u00a0\u00a0\u00a0\u00a0\u00a0\u00a0\u00a0\u00a0\u00a0\u00a0\u00a0\u00a0\u00a0\u00a0\u00a0\u00a0\u00a0\u00a0\u00a0\u00a0\u00a0\u00a0\u00a0\u00a0\u00a0\u00a0\u00a0\u00a0\u00a0\u00a0\u00a0\u00a0\u00a0\u00a0\u00a0\u00a0\u00a0\u00a0\u00a0\u00a0\u00a0\u00a0\u00a0\u00a0\u00a0\u00a0\u00a0\u00a0\u00a0\u00a0\u00a0\u00a0\u00a0\u00a0\u00a0\u00a0\u00a0\u00a0\u00a0\u00a0\u00a0\u00a0\u00a0\u00a0\u00a0\u00a0\u00a0\u00a0\u00a0\u00a0\u00a0\u00a0\u00a0\u00a0\u00a0\u00a0 <\/a><\/p>\n<p><span style=\"color: #008000;\">Tagesablauf:<\/span><\/p>\n<p><em><strong>Link:<\/strong><\/em> Tagesablauf<\/p>\n<h4><span style=\"color: #008000;\"><img loading=\"lazy\" decoding=\"async\" class=\"alignnone wp-image-1826\" src=\"http:\/\/www.angerinitiative.de\/wp-content\/uploads\/2019\/05\/Hortbilder-006.jpg\" alt=\"\" width=\"232\" height=\"174\" srcset=\"https:\/\/www.angerinitiative.de\/wp-content\/uploads\/2019\/05\/Hortbilder-006.jpg 3456w, https:\/\/www.angerinitiative.de\/wp-content\/uploads\/2019\/05\/Hortbilder-006-768x576.jpg 768w\" sizes=\"auto, (max-width: 232px) 100vw, 232px\" \/>\u00a0\u00a0\u00a0\u00a0 Hausaufgaben\u00a0\u00a0\u00a0\u00a0 <a href=\"http:\/\/www.angerinitiative.de\/wp-content\/uploads\/2015\/11\/Hausaufgaben.jpg\"><img loading=\"lazy\" decoding=\"async\" class=\" wp-image-848 alignnone\" src=\"http:\/\/www.angerinitiative.de\/wp-content\/uploads\/2015\/11\/Hausaufgaben-300x225.jpg\" alt=\"Hausaufgaben\" width=\"231\" height=\"173\" srcset=\"https:\/\/www.angerinitiative.de\/wp-content\/uploads\/2015\/11\/Hausaufgaben-300x225.jpg 300w, https:\/\/www.angerinitiative.de\/wp-content\/uploads\/2015\/11\/Hausaufgaben.jpg 640w\" sizes=\"auto, (max-width: 231px) 100vw, 231px\" \/><\/a><\/span><\/h4>\n<p>Die Hausaufgabenbetreuung ist ein wichtiger Schwerpunkt der Hortarbeit. Von <strong>Montag bis Donnerstag<\/strong> erledigen die Kinder ihre Hausaufgaben im Hort.<br \/>\nUnterst\u00fctzung bei den Hausaufgaben hei\u00dft f\u00fcr uns:\u00a0\u00a0\u00a0\u00a0\u00a0\u00a0\u00a0\u00a0\u00a0\u00a0\u00a0\u00a0\u00a0 <a href=\"http:\/\/www.angerinitiative.de\/wp-content\/uploads\/2015\/03\/Hausaufgaben-2.jpg\"><img loading=\"lazy\" decoding=\"async\" class=\"alignnone wp-image-948\" src=\"http:\/\/www.angerinitiative.de\/wp-content\/uploads\/2015\/03\/Hausaufgaben-2-300x225.jpg\" alt=\"Hausaufgaben (2)\" width=\"219\" height=\"164\" srcset=\"https:\/\/www.angerinitiative.de\/wp-content\/uploads\/2015\/03\/Hausaufgaben-2-300x225.jpg 300w, https:\/\/www.angerinitiative.de\/wp-content\/uploads\/2015\/03\/Hausaufgaben-2.jpg 640w\" sizes=\"auto, (max-width: 219px) 100vw, 219px\" \/><\/a><\/p>\n<p><span style=\"color: #008000;\">1.<\/span> Hilfestellung geben<\/p>\n<p><span style=\"color: #008000;\">2.<\/span> Spezielle F\u00f6rderma\u00dfnahmen<\/p>\n<p><a href=\"http:\/\/www.angerinitiative.de\/wp-content\/uploads\/2015\/03\/Hort-Homepage-Dezember-2015-055.jpg\">\u00a0\u00a0\u00a0\u00a0\u00a0\u00a0\u00a0\u00a0\u00a0\u00a0\u00a0\u00a0\u00a0\u00a0\u00a0\u00a0\u00a0\u00a0\u00a0\u00a0\u00a0\u00a0\u00a0\u00a0\u00a0\u00a0\u00a0\u00a0\u00a0\u00a0\u00a0\u00a0\u00a0\u00a0\u00a0\u00a0\u00a0\u00a0\u00a0\u00a0\u00a0\u00a0\u00a0 <img loading=\"lazy\" decoding=\"async\" class=\"alignnone wp-image-1018\" src=\"http:\/\/www.angerinitiative.de\/wp-content\/uploads\/2015\/03\/Hort-Homepage-Dezember-2015-055-300x225.jpg\" alt=\"Hort Homepage Dezember 2015 055\" width=\"229\" height=\"172\" srcset=\"https:\/\/www.angerinitiative.de\/wp-content\/uploads\/2015\/03\/Hort-Homepage-Dezember-2015-055-300x225.jpg 300w, https:\/\/www.angerinitiative.de\/wp-content\/uploads\/2015\/03\/Hort-Homepage-Dezember-2015-055-768x576.jpg 768w, https:\/\/www.angerinitiative.de\/wp-content\/uploads\/2015\/03\/Hort-Homepage-Dezember-2015-055-1024x768.jpg 1024w\" sizes=\"auto, (max-width: 229px) 100vw, 229px\" \/><\/a> <a href=\"http:\/\/www.angerinitiative.de\/wp-content\/uploads\/2015\/03\/Hort-Homepage-Dezember-2015-058.jpg\"><img loading=\"lazy\" decoding=\"async\" class=\"alignnone wp-image-1019\" src=\"http:\/\/www.angerinitiative.de\/wp-content\/uploads\/2015\/03\/Hort-Homepage-Dezember-2015-058-300x225.jpg\" alt=\"Hort Homepage Dezember 2015 058\" width=\"229\" height=\"172\" srcset=\"https:\/\/www.angerinitiative.de\/wp-content\/uploads\/2015\/03\/Hort-Homepage-Dezember-2015-058-300x225.jpg 300w, https:\/\/www.angerinitiative.de\/wp-content\/uploads\/2015\/03\/Hort-Homepage-Dezember-2015-058-768x576.jpg 768w, https:\/\/www.angerinitiative.de\/wp-content\/uploads\/2015\/03\/Hort-Homepage-Dezember-2015-058-1024x768.jpg 1024w\" sizes=\"auto, (max-width: 229px) 100vw, 229px\" \/><\/a><\/p>\n<p><span style=\"color: #008000;\">3.<\/span> Selbst\u00e4ndigkeitserziehung<\/p>\n<p><strong><em>Link:\u00a0 <\/em><\/strong>&#8222;Downloads&#8220; Konzeption<strong><em><br \/>\n<\/em><\/strong><\/p>\n<p><span style=\"color: #008000;\">Freizeitgestaltung\u00a0<\/span><\/p>\n<p><span style=\"color: #008000;\">\u00a0\u00a0<img loading=\"lazy\" decoding=\"async\" class=\"alignnone wp-image-1825\" src=\"http:\/\/www.angerinitiative.de\/wp-content\/uploads\/2019\/05\/Hortbilder-003.jpg\" alt=\"\" width=\"194\" height=\"146\" srcset=\"https:\/\/www.angerinitiative.de\/wp-content\/uploads\/2019\/05\/Hortbilder-003.jpg 3456w, https:\/\/www.angerinitiative.de\/wp-content\/uploads\/2019\/05\/Hortbilder-003-768x576.jpg 768w\" sizes=\"auto, (max-width: 194px) 100vw, 194px\" \/> <a href=\"http:\/\/www.angerinitiative.de\/wp-content\/uploads\/2015\/04\/IMG_1845.jpg\"><img loading=\"lazy\" decoding=\"async\" class=\"alignnone wp-image-893\" src=\"http:\/\/www.angerinitiative.de\/wp-content\/uploads\/2015\/04\/IMG_1845-300x225.jpg\" alt=\"IMG_1845\" width=\"198\" height=\"149\" srcset=\"https:\/\/www.angerinitiative.de\/wp-content\/uploads\/2015\/04\/IMG_1845-300x225.jpg 300w, https:\/\/www.angerinitiative.de\/wp-content\/uploads\/2015\/04\/IMG_1845-768x576.jpg 768w, https:\/\/www.angerinitiative.de\/wp-content\/uploads\/2015\/04\/IMG_1845-1024x768.jpg 1024w\" sizes=\"auto, (max-width: 198px) 100vw, 198px\" \/> <\/a><a href=\"http:\/\/www.angerinitiative.de\/wp-content\/uploads\/2015\/03\/Hort-Homepage-Dezember-2015-014.jpg\"><img loading=\"lazy\" decoding=\"async\" class=\"alignnone wp-image-1020\" src=\"http:\/\/www.angerinitiative.de\/wp-content\/uploads\/2015\/03\/Hort-Homepage-Dezember-2015-014-300x225.jpg\" alt=\"Hort Homepage Dezember 2015 014\" width=\"197\" height=\"148\" srcset=\"https:\/\/www.angerinitiative.de\/wp-content\/uploads\/2015\/03\/Hort-Homepage-Dezember-2015-014-300x225.jpg 300w, https:\/\/www.angerinitiative.de\/wp-content\/uploads\/2015\/03\/Hort-Homepage-Dezember-2015-014-768x576.jpg 768w, https:\/\/www.angerinitiative.de\/wp-content\/uploads\/2015\/03\/Hort-Homepage-Dezember-2015-014-1024x768.jpg 1024w\" sizes=\"auto, (max-width: 197px) 100vw, 197px\" \/><\/a><a href=\"http:\/\/www.angerinitiative.de\/wp-content\/uploads\/2015\/03\/Hort-Homepage-Dezember-2015-045.jpg\"><img loading=\"lazy\" decoding=\"async\" class=\"alignnone wp-image-1021\" src=\"http:\/\/www.angerinitiative.de\/wp-content\/uploads\/2015\/03\/Hort-Homepage-Dezember-2015-045-300x225.jpg\" alt=\"Hort Homepage Dezember 2015 045\" width=\"199\" height=\"149\" srcset=\"https:\/\/www.angerinitiative.de\/wp-content\/uploads\/2015\/03\/Hort-Homepage-Dezember-2015-045-300x225.jpg 300w, https:\/\/www.angerinitiative.de\/wp-content\/uploads\/2015\/03\/Hort-Homepage-Dezember-2015-045-768x576.jpg 768w, https:\/\/www.angerinitiative.de\/wp-content\/uploads\/2015\/03\/Hort-Homepage-Dezember-2015-045-1024x768.jpg 1024w\" sizes=\"auto, (max-width: 199px) 100vw, 199px\" \/><\/a><\/span><\/p>\n<p>Als Ausgleich zu den schulischen Anforderungen halten wir es f\u00fcr wichtig, den Kindern Raum f\u00fcr eine ganzheitliche Entfaltung ihrer Pers\u00f6nlichkeit zu geben.<\/p>\n<p>Dazu brauchen sie:<\/p>\n<p>Zeit&#8230;<\/p>\n<p><a href=\"http:\/\/www.angerinitiative.de\/wp-content\/uploads\/2015\/11\/Au\u00dfengel\u00e4nde-5.jpg\">\u00a0\u00a0\u00a0\u00a0\u00a0\u00a0\u00a0\u00a0\u00a0\u00a0\u00a0\u00a0\u00a0\u00a0\u00a0\u00a0\u00a0\u00a0\u00a0\u00a0\u00a0\u00a0\u00a0\u00a0\u00a0\u00a0\u00a0\u00a0\u00a0\u00a0\u00a0\u00a0\u00a0\u00a0\u00a0\u00a0\u00a0 <img loading=\"lazy\" decoding=\"async\" class=\"alignnone wp-image-849\" src=\"http:\/\/www.angerinitiative.de\/wp-content\/uploads\/2015\/11\/Au\u00dfengel\u00e4nde-5-300x169.jpg\" alt=\"Au\u00dfengel\u00e4nde (5)\" width=\"264\" height=\"149\" srcset=\"https:\/\/www.angerinitiative.de\/wp-content\/uploads\/2015\/11\/Au\u00dfengel\u00e4nde-5-300x169.jpg 300w, https:\/\/www.angerinitiative.de\/wp-content\/uploads\/2015\/11\/Au\u00dfengel\u00e4nde-5-768x432.jpg 768w, https:\/\/www.angerinitiative.de\/wp-content\/uploads\/2015\/11\/Au\u00dfengel\u00e4nde-5-1110x624.jpg 1110w, https:\/\/www.angerinitiative.de\/wp-content\/uploads\/2015\/11\/Au\u00dfengel\u00e4nde-5-528x297.jpg 528w, https:\/\/www.angerinitiative.de\/wp-content\/uploads\/2015\/11\/Au\u00dfengel\u00e4nde-5-1024x576.jpg 1024w\" sizes=\"auto, (max-width: 264px) 100vw, 264px\" \/><\/a><a href=\"http:\/\/www.angerinitiative.de\/wp-content\/uploads\/2015\/03\/Hort-Homepage-Dezember-2015-006.jpg\"><img loading=\"lazy\" decoding=\"async\" class=\"alignnone wp-image-1022\" src=\"http:\/\/www.angerinitiative.de\/wp-content\/uploads\/2015\/03\/Hort-Homepage-Dezember-2015-006-300x225.jpg\" alt=\"Hort Homepage Dezember 2015 006\" width=\"203\" height=\"152\" srcset=\"https:\/\/www.angerinitiative.de\/wp-content\/uploads\/2015\/03\/Hort-Homepage-Dezember-2015-006-300x225.jpg 300w, https:\/\/www.angerinitiative.de\/wp-content\/uploads\/2015\/03\/Hort-Homepage-Dezember-2015-006-768x576.jpg 768w, https:\/\/www.angerinitiative.de\/wp-content\/uploads\/2015\/03\/Hort-Homepage-Dezember-2015-006-1024x768.jpg 1024w\" sizes=\"auto, (max-width: 203px) 100vw, 203px\" \/><\/a><\/p>\n<p>&#8211; zum freien und gemeinsamen Spiel<\/p>\n<p><a href=\"http:\/\/www.angerinitiative.de\/wp-content\/uploads\/2015\/03\/Hortabschlussfest-2015-104.jpg\">\u00a0\u00a0\u00a0\u00a0\u00a0\u00a0\u00a0\u00a0\u00a0\u00a0\u00a0\u00a0\u00a0\u00a0\u00a0\u00a0\u00a0\u00a0\u00a0\u00a0\u00a0\u00a0\u00a0\u00a0\u00a0\u00a0\u00a0\u00a0\u00a0\u00a0\u00a0\u00a0\u00a0\u00a0<img loading=\"lazy\" decoding=\"async\" class=\"alignnone wp-image-1831\" src=\"http:\/\/www.angerinitiative.de\/wp-content\/uploads\/2019\/05\/Hortabschlussfest-2015-104.jpg\" alt=\"\" width=\"269\" height=\"202\" srcset=\"https:\/\/www.angerinitiative.de\/wp-content\/uploads\/2019\/05\/Hortabschlussfest-2015-104.jpg 2816w, https:\/\/www.angerinitiative.de\/wp-content\/uploads\/2019\/05\/Hortabschlussfest-2015-104-768x576.jpg 768w\" sizes=\"auto, (max-width: 269px) 100vw, 269px\" \/>\u00a0\u00a0 <\/a><a href=\"http:\/\/www.angerinitiative.de\/wp-content\/uploads\/2015\/05\/Schnitzeljagd-Angebot-Nazli-007.jpg\"><img loading=\"lazy\" decoding=\"async\" class=\"alignnone wp-image-1833\" src=\"http:\/\/www.angerinitiative.de\/wp-content\/uploads\/2019\/05\/Schnitzeljagd-Angebot-Nazli-007.jpg\" alt=\"\" width=\"268\" height=\"201\" srcset=\"https:\/\/www.angerinitiative.de\/wp-content\/uploads\/2019\/05\/Schnitzeljagd-Angebot-Nazli-007.jpg 3456w, https:\/\/www.angerinitiative.de\/wp-content\/uploads\/2019\/05\/Schnitzeljagd-Angebot-Nazli-007-768x576.jpg 768w\" sizes=\"auto, (max-width: 268px) 100vw, 268px\" \/><\/a><\/p>\n<p>&#8211; zur Bewegung und zur Entspannung<\/p>\n<p><a href=\"http:\/\/www.angerinitiative.de\/wp-content\/uploads\/2015\/05\/Schnitzeljagd-Angebot-Nazli-007.jpg\"><span style=\"color: #000000;\">&#8211; f\u00fcr Gespr\u00e4che<\/span><\/a><\/p>\n<p><a href=\"http:\/\/www.angerinitiative.de\/wp-content\/uploads\/2015\/03\/Hort-Homepage-Dezember-2015-022.jpg\">\u00a0\u00a0\u00a0\u00a0\u00a0\u00a0\u00a0\u00a0\u00a0\u00a0\u00a0\u00a0\u00a0\u00a0\u00a0\u00a0\u00a0\u00a0\u00a0\u00a0\u00a0\u00a0\u00a0\u00a0\u00a0\u00a0\u00a0\u00a0\u00a0\u00a0\u00a0\u00a0\u00a0\u00a0\u00a0\u00a0\u00a0\u00a0\u00a0\u00a0\u00a0\u00a0\u00a0\u00a0\u00a0\u00a0\u00a0\u00a0 <img loading=\"lazy\" decoding=\"async\" class=\"alignnone wp-image-1023\" src=\"http:\/\/www.angerinitiative.de\/wp-content\/uploads\/2015\/03\/Hort-Homepage-Dezember-2015-022-300x225.jpg\" alt=\"Hort Homepage Dezember 2015 022\" width=\"216\" height=\"162\" srcset=\"https:\/\/www.angerinitiative.de\/wp-content\/uploads\/2015\/03\/Hort-Homepage-Dezember-2015-022-300x225.jpg 300w, https:\/\/www.angerinitiative.de\/wp-content\/uploads\/2015\/03\/Hort-Homepage-Dezember-2015-022-768x576.jpg 768w, https:\/\/www.angerinitiative.de\/wp-content\/uploads\/2015\/03\/Hort-Homepage-Dezember-2015-022-1024x768.jpg 1024w\" sizes=\"auto, (max-width: 216px) 100vw, 216px\" \/><\/a><\/p>\n<ul>\n<li>M\u00f6glichkeiten, Angebote<br \/>\n&#8211; zu Bewegungsspielen mit vorhandenen Materialien &amp; Ger\u00e4ten<br \/>\n&#8211; zur Entdeckung und Vertiefung vielf\u00e4ltiger Sinneserfahrungen (Materialerfahrungen, Umgang mit Naturelementen, Kochen, Spiele zur Unterst\u00fctzung der eigenen K\u00f6rperwahrnehmung und der sozialen Wahrnehmung)<br \/>\n&#8211; zum handwerklichen und kreativen Gestalten (Basteln, Malen, Werken, Bauen)<br \/>\n&#8211; zu lernen, eigene kreative Ideen und Vorstellungen umzusetzen, zur Raumgestaltung<br \/>\n&#8211; zu lebenspraktischen \u00dcbungen (Zurechtfinden im Stadtteil, Telefonieren, Umgang mit Geld, Zubereiten einfacher Mahlzeiten, Planung u. Durchf\u00fchrung von Festen)<\/li>\n<\/ul>\n<p><a href=\"http:\/\/www.angerinitiative.de\/wp-content\/uploads\/2015\/05\/Hort-Ferien-Aug.Sept-14-079.jpg\">\u00a0 \u00a0 \u00a0 \u00a0 \u00a0 \u00a0 \u00a0 \u00a0 \u00a0 \u00a0 \u00a0 \u00a0 \u00a0 \u00a0 \u00a0 \u00a0\u00a0<img loading=\"lazy\" decoding=\"async\" class=\"wp-image-1871 alignleft\" src=\"http:\/\/www.angerinitiative.de\/wp-content\/uploads\/2019\/10\/Hort-Ferien-Aug.Sept-14-079.jpg\" alt=\"\" width=\"229\" height=\"172\" srcset=\"https:\/\/www.angerinitiative.de\/wp-content\/uploads\/2019\/10\/Hort-Ferien-Aug.Sept-14-079.jpg 3456w, https:\/\/www.angerinitiative.de\/wp-content\/uploads\/2019\/10\/Hort-Ferien-Aug.Sept-14-079-768x576.jpg 768w\" sizes=\"auto, (max-width: 229px) 100vw, 229px\" \/>\u00a0 <\/a><\/p>\n<p><a href=\"http:\/\/www.angerinitiative.de\/wp-content\/uploads\/2015\/05\/Hort-Ferien-Aug.Sept-14-079.jpg\"><img loading=\"lazy\" decoding=\"async\" class=\"wp-image-1835 alignleft\" src=\"http:\/\/www.angerinitiative.de\/wp-content\/uploads\/2019\/05\/Schnitzeljagd-Angebot-Nazli-095.jpg\" alt=\"\" width=\"190\" height=\"253\" srcset=\"https:\/\/www.angerinitiative.de\/wp-content\/uploads\/2019\/05\/Schnitzeljagd-Angebot-Nazli-095.jpg 2592w, https:\/\/www.angerinitiative.de\/wp-content\/uploads\/2019\/05\/Schnitzeljagd-Angebot-Nazli-095-768x1024.jpg 768w\" sizes=\"auto, (max-width: 190px) 100vw, 190px\" \/><\/a><a href=\"http:\/\/www.angerinitiative.de\/wp-content\/uploads\/2015\/05\/Schnitzeljagd-Angebot-Nazli-082.jpg\"><img loading=\"lazy\" decoding=\"async\" class=\"wp-image-439 alignnone\" src=\"http:\/\/www.angerinitiative.de\/wp-content\/uploads\/2015\/05\/Schnitzeljagd-Angebot-Nazli-082-300x225.jpg\" alt=\"Schnitzeljagd Angebot Nazli 082\" width=\"226\" height=\"170\" srcset=\"https:\/\/www.angerinitiative.de\/wp-content\/uploads\/2015\/05\/Schnitzeljagd-Angebot-Nazli-082-300x225.jpg 300w, https:\/\/www.angerinitiative.de\/wp-content\/uploads\/2015\/05\/Schnitzeljagd-Angebot-Nazli-082-768x576.jpg 768w, https:\/\/www.angerinitiative.de\/wp-content\/uploads\/2015\/05\/Schnitzeljagd-Angebot-Nazli-082-1024x768.jpg 1024w\" sizes=\"auto, (max-width: 226px) 100vw, 226px\" \/><\/a><a href=\"http:\/\/www.angerinitiative.de\/wp-content\/uploads\/2015\/03\/IMG_1284-Au\u00dfengel\u00e4nde.jpg\"><img loading=\"lazy\" decoding=\"async\" class=\"wp-image-941 alignleft\" src=\"http:\/\/www.angerinitiative.de\/wp-content\/uploads\/2015\/03\/IMG_1284-Au\u00dfengel\u00e4nde-300x225.jpg\" alt=\"IMG_1284 Au\u00dfengel\u00e4nde\" width=\"200\" height=\"150\" srcset=\"https:\/\/www.angerinitiative.de\/wp-content\/uploads\/2015\/03\/IMG_1284-Au\u00dfengel\u00e4nde-300x225.jpg 300w, https:\/\/www.angerinitiative.de\/wp-content\/uploads\/2015\/03\/IMG_1284-Au\u00dfengel\u00e4nde.jpg 640w\" sizes=\"auto, (max-width: 200px) 100vw, 200px\" \/><\/a><\/p>\n<p>Zus\u00e4tzlich zu den t\u00e4glichen Freizeitangeboten haben die Kinder, mit Einverst\u00e4ndnis der Eltern, dienstags bis freitags die M\u00f6glichkeit im Anschluss an den Hort den Abenteuerspielplatz der Angerinitiative zu besuchen.<\/p>\n<h4><span style=\"color: #008000;\">Zusammenarbeit mit den Eltern:<\/span><\/h4>\n<h4><strong>\u00a0\u00a0\u00a0\u00a0 <a href=\"http:\/\/www.angerinitiative.de\/wp-content\/uploads\/2015\/03\/Hortabschlussfest-2015-009.jpg\"><img loading=\"lazy\" decoding=\"async\" class=\"alignnone wp-image-1844\" src=\"http:\/\/www.angerinitiative.de\/wp-content\/uploads\/2019\/05\/Hortabschlussfest-2015-009.jpg\" alt=\"\" width=\"285\" height=\"214\" srcset=\"https:\/\/www.angerinitiative.de\/wp-content\/uploads\/2019\/05\/Hortabschlussfest-2015-009.jpg 2816w, https:\/\/www.angerinitiative.de\/wp-content\/uploads\/2019\/05\/Hortabschlussfest-2015-009-768x576.jpg 768w\" sizes=\"auto, (max-width: 285px) 100vw, 285px\" \/><\/a><\/strong><br \/>\nDer Hort und die Eltern arbeiten partnerschaftlich zur Bildung, Erziehung und Betreuung der Kinder zusammen und dies besteht f\u00fcr uns konkret aus:<\/h4>\n<p>\u2022 Respekt, Wertsch\u00e4tzung und dem Aufbau einer vertrauensvollen Beziehung als Basis f\u00fcr die Zusammenarbeit<br \/>\n\u2022 Regelm\u00e4\u00dfigem Informationsaustausch in Form von spontanen Gespr\u00e4chen und ausf\u00fchrlichen Elterngespr\u00e4chen oder bei Bedarf gemeinsamen Lehrergespr\u00e4chen<br \/>\n\u2022 Informationsaustausch \u00fcber den Stand der Lern- und Entwicklungsprozesse<br \/>\n\u2022 Beratung zur Erziehung<br \/>\n\u2022 Elternbriefen, Elternabenden<br \/>\n\u2022 Veranstaltungen zu bestimmten p\u00e4dagogischen Themen<br \/>\n\u2022 Wahl des Elternbeirates als unterst\u00fctzendes Organ f\u00fcr die Kooperation und Zusammenarbeit von Eltern, Schule, Hortpersonal und Tr\u00e4ger<br \/>\n\u2022 Einsatz von Dolmetschern zur sprachlichen Verst\u00e4ndigung f\u00fcr unsere Eltern mit Migrationshintergrund (bei Bedarf)<\/p>\n<ul>\n<li><strong>Zusammenarbeit mit der Schule und F\u00f6rderzentren<\/strong><\/li>\n<\/ul>\n<ul>\n<li><strong>Zusammenarbeit mit dem Jugendamt und mit<\/strong><br \/>\n<strong> Erziehungsberatungsstellen<\/strong><\/li>\n<\/ul>\n<ul>\n<li><strong>Zusammenarbeit mit dem Abenteuerspielplatz<\/strong><\/li>\n<\/ul>\n<p style=\"padding-left: 240px;\"><img loading=\"lazy\" decoding=\"async\" class=\"alignnone size-medium wp-image-1665\" src=\"http:\/\/www.angerinitiative.de\/wp-content\/uploads\/2018\/05\/31815512_10213684798007068_997182034789007360_n-300x225.jpg\" alt=\"\" width=\"300\" height=\"225\" \/><\/p>\n<p><a href=\"http:\/\/www.angerinitiative.de\/wp-content\/uploads\/2014\/12\/IMG_1545.jpg\"><img loading=\"lazy\" decoding=\"async\" class=\"alignnone wp-image-652\" src=\"http:\/\/www.angerinitiative.de\/wp-content\/uploads\/2014\/12\/IMG_1545-300x225.jpg\" alt=\"IMG_1545\" width=\"237\" height=\"178\" srcset=\"https:\/\/www.angerinitiative.de\/wp-content\/uploads\/2014\/12\/IMG_1545-300x225.jpg 300w, https:\/\/www.angerinitiative.de\/wp-content\/uploads\/2014\/12\/IMG_1545-768x576.jpg 768w, https:\/\/www.angerinitiative.de\/wp-content\/uploads\/2014\/12\/IMG_1545-1024x768.jpg 1024w\" sizes=\"auto, (max-width: 237px) 100vw, 237px\" \/><\/a><a href=\"http:\/\/www.angerinitiative.de\/wp-content\/uploads\/2014\/12\/PICT0742.bmp\"><img loading=\"lazy\" decoding=\"async\" class=\"wp-image-657 alignnone\" src=\"http:\/\/www.angerinitiative.de\/wp-content\/uploads\/2014\/12\/PICT0742.bmp\" alt=\"PICT0742\" width=\"241\" height=\"181\" \/><\/a><a href=\"http:\/\/www.angerinitiative.de\/wp-content\/uploads\/2014\/12\/IMG_0350.jpg\"><img loading=\"lazy\" decoding=\"async\" class=\"alignnone wp-image-651\" src=\"http:\/\/www.angerinitiative.de\/wp-content\/uploads\/2014\/12\/IMG_0350-300x169.jpg\" alt=\"IMG_0350\" width=\"322\" height=\"181\" srcset=\"https:\/\/www.angerinitiative.de\/wp-content\/uploads\/2014\/12\/IMG_0350-300x169.jpg 300w, https:\/\/www.angerinitiative.de\/wp-content\/uploads\/2014\/12\/IMG_0350-768x432.jpg 768w, https:\/\/www.angerinitiative.de\/wp-content\/uploads\/2014\/12\/IMG_0350-1110x624.jpg 1110w, https:\/\/www.angerinitiative.de\/wp-content\/uploads\/2014\/12\/IMG_0350-528x297.jpg 528w, https:\/\/www.angerinitiative.de\/wp-content\/uploads\/2014\/12\/IMG_0350-1024x576.jpg 1024w\" sizes=\"auto, (max-width: 322px) 100vw, 322px\" \/><\/a><\/p>\n<p><a href=\"http:\/\/www.angerinitiative.de\/wp-content\/uploads\/2014\/12\/IMG_0260.jpg\">\u00a0\u00a0\u00a0\u00a0\u00a0\u00a0\u00a0\u00a0\u00a0\u00a0\u00a0\u00a0\u00a0\u00a0\u00a0\u00a0\u00a0\u00a0\u00a0\u00a0\u00a0\u00a0\u00a0\u00a0\u00a0\u00a0 <img loading=\"lazy\" decoding=\"async\" class=\"wp-image-660 alignnone\" src=\"http:\/\/www.angerinitiative.de\/wp-content\/uploads\/2014\/12\/IMG_0260-225x300.jpg\" alt=\"IMG_0260\" width=\"195\" height=\"260\" srcset=\"https:\/\/www.angerinitiative.de\/wp-content\/uploads\/2014\/12\/IMG_0260-225x300.jpg 225w, https:\/\/www.angerinitiative.de\/wp-content\/uploads\/2014\/12\/IMG_0260-768x1024.jpg 768w\" sizes=\"auto, (max-width: 195px) 100vw, 195px\" \/><\/a><a href=\"http:\/\/www.angerinitiative.de\/wp-content\/uploads\/2014\/12\/IMG_3661.jpg\"><img loading=\"lazy\" decoding=\"async\" class=\"wp-image-654 alignnone\" src=\"http:\/\/www.angerinitiative.de\/wp-content\/uploads\/2014\/12\/IMG_3661-169x300.jpg\" alt=\"IMG_3661\" width=\"178\" height=\"316\" srcset=\"https:\/\/www.angerinitiative.de\/wp-content\/uploads\/2014\/12\/IMG_3661-169x300.jpg 169w, https:\/\/www.angerinitiative.de\/wp-content\/uploads\/2014\/12\/IMG_3661-768x1365.jpg 768w, https:\/\/www.angerinitiative.de\/wp-content\/uploads\/2014\/12\/IMG_3661-576x1024.jpg 576w, https:\/\/www.angerinitiative.de\/wp-content\/uploads\/2014\/12\/IMG_3661.jpg 1944w\" sizes=\"auto, (max-width: 178px) 100vw, 178px\" \/><\/a><a href=\"http:\/\/www.angerinitiative.de\/wp-content\/uploads\/2014\/12\/IMG_1552.jpg\"><img loading=\"lazy\" decoding=\"async\" class=\"wp-image-661 alignnone\" src=\"http:\/\/www.angerinitiative.de\/wp-content\/uploads\/2014\/12\/IMG_1552-300x225.jpg\" alt=\"IMG_1552\" width=\"264\" height=\"198\" srcset=\"https:\/\/www.angerinitiative.de\/wp-content\/uploads\/2014\/12\/IMG_1552-300x225.jpg 300w, https:\/\/www.angerinitiative.de\/wp-content\/uploads\/2014\/12\/IMG_1552-768x576.jpg 768w, https:\/\/www.angerinitiative.de\/wp-content\/uploads\/2014\/12\/IMG_1552-1024x768.jpg 1024w\" sizes=\"auto, (max-width: 264px) 100vw, 264px\" \/><\/a><\/p>\n<p><em><strong>Link: <\/strong><\/em>&#8222;Downloads&#8220;,&#8220; ASP&#8220;<\/p>\n","protected":false},"excerpt":{"rendered":"<p>Allgemeine Infos Der Hort der Angerinitiative bietet eine ganzheitliche und individuelle F\u00f6rderung entsprechend der sozialen, kognitiven, emotionalen und k\u00f6rperlichen Entwicklung der Kinder unter Begleitung und Beobachtung des Entwicklungsverlaufes. Der Hort ist ein unterst\u00fctzendes und familienerg\u00e4nzendes Betreuungsangebot f\u00fcr Kinder von der 1. bis zur 4. Klasse aus Grundschulen und sonderp\u00e4dagogischen F\u00f6rderzentren. Link: &#8222;Downloads&#8220; Konzeption \u00a0 Unser [&hellip;]<\/p>\n","protected":false},"author":1,"featured_media":0,"parent":36,"menu_order":2,"comment_status":"open","ping_status":"closed","template":"","meta":{"footnotes":""},"class_list":["post-268","page","type-page","status-publish","czr-hentry"],"_links":{"self":[{"href":"https:\/\/www.angerinitiative.de\/index.php?rest_route=\/wp\/v2\/pages\/268","targetHints":{"allow":["GET"]}}],"collection":[{"href":"https:\/\/www.angerinitiative.de\/index.php?rest_route=\/wp\/v2\/pages"}],"about":[{"href":"https:\/\/www.angerinitiative.de\/index.php?rest_route=\/wp\/v2\/types\/page"}],"author":[{"embeddable":true,"href":"https:\/\/www.angerinitiative.de\/index.php?rest_route=\/wp\/v2\/users\/1"}],"replies":[{"embeddable":true,"href":"https:\/\/www.angerinitiative.de\/index.php?rest_route=%2Fwp%2Fv2%2Fcomments&post=268"}],"version-history":[{"count":67,"href":"https:\/\/www.angerinitiative.de\/index.php?rest_route=\/wp\/v2\/pages\/268\/revisions"}],"predecessor-version":[{"id":3269,"href":"https:\/\/www.angerinitiative.de\/index.php?rest_route=\/wp\/v2\/pages\/268\/revisions\/3269"}],"up":[{"embeddable":true,"href":"https:\/\/www.angerinitiative.de\/index.php?rest_route=\/wp\/v2\/pages\/36"}],"wp:attachment":[{"href":"https:\/\/www.angerinitiative.de\/index.php?rest_route=%2Fwp%2Fv2%2Fmedia&parent=268"}],"curies":[{"name":"wp","href":"https:\/\/api.w.org\/{rel}","templated":true}]}}